{"id":162,"date":"2021-04-13T00:54:55","date_gmt":"2021-04-13T00:54:55","guid":{"rendered":"http:\/\/ykla.aitosalo.fi\/?page_id=162"},"modified":"2021-11-15T19:24:06","modified_gmt":"2021-11-15T17:24:06","slug":"ajankohtaista","status":"publish","type":"page","link":"https:\/\/ykla.fi\/?page_id=162","title":{"rendered":"Tiedotteet"},"content":{"rendered":"\n<hr class=\"wp-block-separator is-style-wide\"\/>\n\n\n\n<div style=\"height:25px\" aria-hidden=\"true\" class=\"wp-block-spacer\"><\/div>\n\n\n<ul class=\"wp-block-latest-posts__list has-dates wp-block-latest-posts\"><li><a class=\"wp-block-latest-posts__post-title\" href=\"https:\/\/ykla.fi\/?p=513\">Syysexcursio Poriin pe 11.- la 12.9.2026<\/a><time datetime=\"2026-04-19T17:48:01+03:00\" class=\"wp-block-latest-posts__post-date\">19.04.2026<\/time><div class=\"wp-block-latest-posts__post-full-content\"><!-- wp:paragraph -->\n<p>YKLA j\u00e4tjest\u00e4\u00e4 alkusyksyst\u00e4 11-12.9.2026 (pe-la) tutustumisk\u00e4ynti Poriin yhdistyksen aktiivij\u00e4sen Jarmo Hyv\u00e4risen luonnostelemien tutustumiskohteiden pohjalta. Ensimm\u00e4inen p\u00e4iv\u00e4 koostuisi tutustumisk\u00e4ynneist\u00e4 ja p\u00e4\u00e4ttyisi yhteiseen illalliseen. Seuraavana p\u00e4iv\u00e4n\u00e4 olisi mahdollisuus vierailla vaikka esim. Noormarkussa. Kukin osallistuja huolehtisi itse matkoista sek\u00e4 majoituksesta ja ruokailukustannuksista. Lis\u00e4tietoja Kati Vierulalta (<a href=\"mailto:kativierula@gmail.com\">kativierula@gmail.com<\/a>\u00a0tai 0400 609719)<\/p>\n<!-- \/wp:paragraph --><\/div><\/li>\n<li><a class=\"wp-block-latest-posts__post-title\" href=\"https:\/\/ykla.fi\/?p=511\">YKLA-Golf-tapahtuma elo-syyskuun 2026<\/a><time datetime=\"2026-04-19T17:45:54+03:00\" class=\"wp-block-latest-posts__post-date\">19.04.2026<\/time><div class=\"wp-block-latest-posts__post-full-content\"><!-- wp:paragraph -->\n<p>Jo legendaarinen YKLA-Golf-tapahtuma elo-syyskuun vaihteessa suunnitteilla. T\u00e4h\u00e4n palaamme my\u00f6hemmin kev\u00e4\u00e4ll\u00e4.<\/p>\n<!-- \/wp:paragraph --><\/div><\/li>\n<li><a class=\"wp-block-latest-posts__post-title\" href=\"https:\/\/ykla.fi\/?p=509\">Kes\u00e4teatteri to 13.8.2026 klo 18.30<\/a><time datetime=\"2026-04-19T17:43:59+03:00\" class=\"wp-block-latest-posts__post-date\">19.04.2026<\/time><div class=\"wp-block-latest-posts__post-full-content\"><!-- wp:paragraph -->\n<p>Suomenlinnan kes\u00e4teatteriin olemme varanneet 15 lippua torstaiksi 13.8.2026 Ryhm\u00e4teatterin Miss\u00e4 kuljimme kerran &#8211; esitykseen. Esitys alkaa 18.30. Lis\u00e4tietoja\/ilmoittautumiset Katille: (kativierula@gmail.com).<\/p>\n<!-- \/wp:paragraph --><\/div><\/li>\n<li><a class=\"wp-block-latest-posts__post-title\" href=\"https:\/\/ykla.fi\/?p=507\">Kev\u00e4tkokous ti 26.5.2026 klo 17.00<\/a><time datetime=\"2026-04-19T17:41:39+03:00\" class=\"wp-block-latest-posts__post-date\">19.04.2026<\/time><div class=\"wp-block-latest-posts__post-full-content\"><!-- wp:paragraph -->\n<p>P\u00e4\u00e4tettiin pit\u00e4\u00e4 ti 26.5.2026 klo 17.00 yhdistyksen s\u00e4\u00e4nt\u00f6m\u00e4\u00e4r\u00e4inen kev\u00e4tkokous Ehk\u00e4isev\u00e4 p\u00e4ihdety\u00f6 EHYT ry:n toimitiloissa Vallilassa Elim\u00e4enkatu 17\u201319. Toimintaa esittelee EHYT ry:n p\u00e4ihdeasiamies VT Tuula Sillanp\u00e4\u00e4. Tarjoilujen takia toivomme ilmoittautumista Katille: kativierula(at)gmail.com.<\/p>\n<!-- \/wp:paragraph --><\/div><\/li>\n<li><a class=\"wp-block-latest-posts__post-title\" href=\"https:\/\/ykla.fi\/?p=505\">Vierailu Mannerheim-museoon to 7.5.2026 klo 17.00<\/a><time datetime=\"2026-04-19T17:38:03+03:00\" class=\"wp-block-latest-posts__post-date\">19.04.2026<\/time><div class=\"wp-block-latest-posts__post-full-content\"><!-- wp:paragraph -->\n<p>J\u00e4rjestet\u00e4\u00e4n to 07.05.2026 klo 17.00 vierailu uusittuun Mannerheim-museoon. Paikkoja on rajoitetusti, vain ensimm\u00e4iset 10 mahtuvat. Kierrokseen kuuluu opastus. Ilmoittautumiset\u00a0<a href=\"mailto:vesa@vesakorpela.fi\">vesa@vesakorpela.fi<\/a><\/p>\n<!-- \/wp:paragraph --><\/div><\/li>\n<li><a class=\"wp-block-latest-posts__post-title\" href=\"https:\/\/ykla.fi\/?p=440\">YKLA:n ehdokkaat Juristiliiton valtuuskunnan vaaleissa 24.9. &#8211; 21.10.2024:<\/a><time datetime=\"2024-09-24T20:23:28+03:00\" class=\"wp-block-latest-posts__post-date\">24.09.2024<\/time><div class=\"wp-block-latest-posts__post-full-content\"><!-- wp:file {\"id\":441,\"href\":\"https:\/\/ykla.fi\/wp-content\/uploads\/2024\/09\/YKLA2024-vaalimainos.pdf\",\"displayPreview\":true} -->\n<div class=\"wp-block-file\"><object class=\"wp-block-file__embed\" data=\"https:\/\/ykla.fi\/wp-content\/uploads\/2024\/09\/YKLA2024-vaalimainos.pdf\" type=\"application\/pdf\" style=\"width:100%;height:600px\" aria-label=\"YKLA2024-vaalimainos\"><\/object><a id=\"wp-block-file--media-a338e3be-6cc1-4fb3-a10b-ad7fcc5a195b\" href=\"https:\/\/ykla.fi\/wp-content\/uploads\/2024\/09\/YKLA2024-vaalimainos.pdf\">YKLA2024-vaalimainos<\/a><a href=\"https:\/\/ykla.fi\/wp-content\/uploads\/2024\/09\/YKLA2024-vaalimainos.pdf\" class=\"wp-block-file__button wp-element-button\" download aria-describedby=\"wp-block-file--media-a338e3be-6cc1-4fb3-a10b-ad7fcc5a195b\">Download<\/a><\/div>\n<!-- \/wp:file --><\/div><\/li>\n<li><a class=\"wp-block-latest-posts__post-title\" href=\"https:\/\/ykla.fi\/?p=420\">Ykla mainittu mediassa<\/a><time datetime=\"2023-10-29T16:51:36+02:00\" class=\"wp-block-latest-posts__post-date\">29.10.2023<\/time><div class=\"wp-block-latest-posts__post-full-content\"><!-- wp:paragraph -->\n<p>Matkakertomus Yklan viimekev\u00e4isest\u00e4 opintoreissusta Tukholmaan ilmestyy\u00a0\u00a0\u00a0\u00a0\u00a0\u00a0\u00a0\u00a0\u00a0 Juristiuutisissa l\u00e4hiaikona. Hauskan seminaarin koulutussis\u00e4ll\u00f6t olivat yll\u00e4tt\u00e4v\u00e4nkin monipuoliset. Kannattaa lukea ja innostua tulemaan mukaan suunnittelemaan seuraavaa matkaa!<\/p>\n<!-- \/wp:paragraph --><\/div><\/li>\n<li><a class=\"wp-block-latest-posts__post-title\" href=\"https:\/\/ykla.fi\/?p=252\">J\u00e4senkirje 2\/2021<\/a><time datetime=\"2021-11-15T17:03:16+02:00\" class=\"wp-block-latest-posts__post-date\">15.11.2021<\/time><div class=\"wp-block-latest-posts__post-full-content\"><!-- wp:paragraph -->\n<p><strong>Hei YKLAn j\u00e4sen,<\/strong><\/p>\n<!-- \/wp:paragraph -->\n\n<!-- wp:paragraph -->\n<p>koronapandemian takia on Yklankin toiminta ollut pitk\u00e4\u00e4n j\u00e4iss\u00e4.<br>Onneksi rajoituksia on pystytty purkamaan ja toivon mukaan pystymme jo<br>suunnittelemaan uusia tapahtumia.<br>Syksy on edennyt reipasta vauhtia ja meid\u00e4n on pidett\u00e4v\u00e4 pikaisesti syyskokous ja<br>muutakin ohjelmaa on suunnitteilla kev\u00e4\u00e4lle 2022!<\/p>\n<!-- \/wp:paragraph -->\n\n<!-- wp:paragraph -->\n<p><strong>Valtuuskunnan vaalit 2021<\/strong><\/p>\n<!-- \/wp:paragraph -->\n\n<!-- wp:paragraph -->\n<p>Lakimiesliiton valtuuskunnan vaali meni yksityisen sektorin osalta kohtuullisen hyvin,<br>valituiksi valtuuskuntaan tulivat Yksityisalojen lakimiesten listoilla olleet:<br>Kimmo Sasi<br>Leena Kuhanen<br>Matleena Engblom<br>Katriina Vierula (Lakimiesliiton hallituksen j\u00e4sen*)<br>Sanna-Maria Bertell<br>Valtuuskunnan j\u00e4sen *)1 varalla<br>Ilkka Malka<br>Valtuuskunnan syyskokous pidet\u00e4\u00e4n maanantaina 22.11.2021 Clarion Helsinki<br>hotellissa.<\/p>\n<!-- \/wp:paragraph -->\n\n<!-- wp:paragraph -->\n<p><strong>S\u00e4\u00e4nt\u00f6m\u00e4\u00e4r\u00e4inen syyskokous torstaina 16.12.2021 klo 17.00<\/strong><\/p>\n<!-- \/wp:paragraph -->\n\n<!-- wp:paragraph -->\n<p>Syyskokouksen aiheena ovat mm. tilinp\u00e4\u00e4t\u00f6sten vahvistaminen 2019 ja 2020,<br>vastuuvapauksien my\u00f6nt\u00e4minen ja ensi vuoden 2022 budjetti ja uusi hallitus.<br>Kokouksessa valitaan uusi hallitus sek\u00e4 hyv\u00e4ksyt\u00e4\u00e4n vuoden 2022 talousarvio ja<br>toimintasuunnitelma. Kokousasiakirjat jaetaan paikan p\u00e4\u00e4ll\u00e4.<\/p>\n<!-- \/wp:paragraph -->\n\n<!-- wp:paragraph -->\n<p>Kokous pidet\u00e4\u00e4n Akavatalon kokoustilassa, k\u00e4yntiosoite Kellosilta 7. Tilaisuudessa<br>pidet\u00e4\u00e4n ensin Yklan hallituksen kokous 16.30, jonka j\u00e4lkeen Yklan j\u00e4senille alkaa klo<br>17.00 vuosikokous. Tarjolla pient\u00e4 pikkujoulupurtavaa.<\/p>\n<!-- \/wp:paragraph -->\n\n<!-- wp:paragraph -->\n<p>Akavataloon tullessa ilmoittaudutaan vahtimestarille. Tulkaa siis Akavataloon<br>kokoukseen klo 17.00 menness\u00e4. Ja k\u00e4yntiosoite on vain k\u00e4velytasolta, Kellosilta 7,<br>sis\u00e4\u00e4n ei p\u00e4\u00e4se Rautatiel\u00e4isenkadulta.<\/p>\n<!-- \/wp:paragraph -->\n\n<!-- wp:paragraph -->\n<p><strong>Sitovat ilmoittautumiset tarjoilun takia 30.11.2021 menness\u00e4 kativierula@gmail.com<\/strong><\/p>\n<!-- \/wp:paragraph -->\n\n<!-- wp:paragraph -->\n<p>Uusia ihmisi\u00e4 kaivataan mukaan hallitukseen! Tule mieluusti mukaan kokoukseen ja<br>joka tapauksessa voit tiedotella etuk\u00e4teenkin hallituskiinnostuksestasi hallituksen<br>j\u00e4senille.<\/p>\n<!-- \/wp:paragraph -->\n\n<!-- wp:paragraph -->\n<p><strong>Lain Huudon IHME-joulukonsertti tiistaina 21.12.21 Uspenskin katedraalissa klo 18.00<\/strong><\/p>\n<!-- \/wp:paragraph -->\n\n<!-- wp:paragraph -->\n<p>IHME-Joulukonsertin johtaa Lain Huutoa sen perustamisesta l\u00e4htien johtanut<br>Paavo Hy\u00f6kki.<\/p>\n<!-- \/wp:paragraph -->\n\n<!-- wp:paragraph -->\n<p>YKLA on varannut konserttiin j\u00e4senilleen 15 lippua. Kati jakaa liput<br>ilmoittautuneille Uspenskin ovella ti 21.12.21 klo 17.30\u201317.45.<br>Sitovat ilmoittautumiset Kati Vierulalle 30.11.21 menness\u00e4,<br>kativierula@gmail.com<\/p>\n<!-- \/wp:paragraph --><\/div><\/li>\n<li><a class=\"wp-block-latest-posts__post-title\" href=\"https:\/\/ykla.fi\/?p=148\">J\u00e4senkirje 1\/2020<\/a><time datetime=\"2021-04-13T00:37:49+03:00\" class=\"wp-block-latest-posts__post-date\">13.04.2021<\/time><div class=\"wp-block-latest-posts__post-full-content\"><!-- wp:paragraph -->\n<p><strong>Tervehdys YKLAn j\u00e4sen,<\/strong><\/p>\n<!-- \/wp:paragraph -->\n\n<!-- wp:paragraph -->\n<p>Suomessa ja maailmalla yh\u00e4 vallitsevat poikkeusolot rajoittavat YKLAn toimintaa.<\/p>\n<!-- \/wp:paragraph -->\n\n<!-- wp:paragraph -->\n<p>Ilmoitamme my\u00f6hemmin yhdistetyn kev\u00e4t- ja syyskokouksen j\u00e4rjestelyist\u00e4.<\/p>\n<!-- \/wp:paragraph -->\n\n<!-- wp:paragraph -->\n<p><strong>YKLA-Golf<\/strong><\/p>\n<!-- \/wp:paragraph -->\n\n<!-- wp:paragraph -->\n<p>YKLA:n jo perinteeksi muodostuva golf-kilpailu voidaan ulkoilmatapahtumana j\u00e4rjest\u00e4\u00e4 torstaina 17.9 Vuosaaren golfkent\u00e4ll\u00e4. Ensimm\u00e4inen l\u00e4ht\u00f6aika on kello 14.00.<\/p>\n<!-- \/wp:paragraph -->\n\n<!-- wp:paragraph -->\n<p>Lis\u00e4ksi golfista kiinnostuneilla j\u00e4rjest\u00e4\u00e4n tutustumismahdollisuus lajiin.<\/p>\n<!-- \/wp:paragraph -->\n\n<!-- wp:paragraph -->\n<p>Lis\u00e4ksi on mahdollisuus Vuosaaren golfseuran esittelyyn.<\/p>\n<!-- \/wp:paragraph -->\n\n<!-- wp:paragraph -->\n<p>ILMOITTAUTUMISET VIIMEIST\u00c4\u00c4N MAANANTAINA 14.9.2020 Juha Viertolalla (<a href=\"mailto:jkk.viertola@gmail.com\" target=\"_blank\" rel=\"noreferrer noopener\">jkk.viertola@gmail.com<\/a>) sek\u00e4 kilpailuun ett\u00e4 lajitutustumiseen.<\/p>\n<!-- \/wp:paragraph -->\n\n<!-- wp:paragraph -->\n<p>Juha Viertola<\/p>\n<!-- \/wp:paragraph -->\n\n<!-- wp:paragraph -->\n<p>puheenjohtaja<\/p>\n<!-- \/wp:paragraph -->\n\n<!-- wp:paragraph -->\n<p>050\u00a064 222<\/p>\n<!-- \/wp:paragraph -->\n\n<!-- wp:paragraph -->\n<p><a href=\"mailto:jkk.viertola@gmail.com\" target=\"_blank\" rel=\"noreferrer noopener\">jkk.viertola@gmail.com<\/a>\u00a0\u00a0<\/p>\n<!-- \/wp:paragraph --><\/div><\/li>\n<li><a class=\"wp-block-latest-posts__post-title\" href=\"https:\/\/ykla.fi\/?p=150\">Muutoksia hallituskokoonpanossa<\/a><time datetime=\"2020-11-13T00:38:42+02:00\" class=\"wp-block-latest-posts__post-date\">13.11.2020<\/time><div class=\"wp-block-latest-posts__post-full-content\"><!-- wp:paragraph -->\n<p>YKLAn hallituskokoonpanoon tuli syyskokouksen yhteydess\u00e4 joitakin muutoksia.<\/p>\n<!-- \/wp:paragraph -->\n\n<!-- wp:paragraph -->\n<p>Hallitusty\u00f6skentelyst\u00e4 j\u00e4iv\u00e4t pois Marja Kokko ja Jenniveera Tabell. Kiitos Marjalle ja Jenniveeralle yhteisest\u00e4 ajasta hallituksessa!<\/p>\n<!-- \/wp:paragraph -->\n\n<!-- wp:paragraph -->\n<p>Uutena j\u00e4senen\u00e4 hallitukseen valittiin Juha Viertola, suoraan puheenjohtajaksi, ja Jyrki Pekkala. Tervetuloa mukaan!<\/p>\n<!-- \/wp:paragraph -->\n\n<!-- wp:paragraph -->\n<p>Katriina Vierula jatkaa varapuheenjohtajana, Mikko Hunnakko rahastonhoitajana,ja Riikka Autio j sihteerin\u00e4. Hallituksen kokoonpano on siten seuraava:<\/p>\n<!-- \/wp:paragraph -->\n\n<!-- wp:paragraph -->\n<p>Riikka Autio, sihteeri<\/p>\n<!-- \/wp:paragraph -->\n\n<!-- wp:paragraph -->\n<p>Matleena Engblom<\/p>\n<!-- \/wp:paragraph -->\n\n<!-- wp:paragraph -->\n<p>Mikko Hunnakko, rahastonhoitaja<\/p>\n<!-- \/wp:paragraph -->\n\n<!-- wp:paragraph -->\n<p>Liisa Maskonen<\/p>\n<!-- \/wp:paragraph -->\n\n<!-- wp:paragraph -->\n<p>Otso Nyk\u00e4nen<\/p>\n<!-- \/wp:paragraph -->\n\n<!-- wp:paragraph -->\n<p>Jyrki Pekkala<\/p>\n<!-- \/wp:paragraph -->\n\n<!-- wp:paragraph -->\n<p>Jorma Rusanen<\/p>\n<!-- \/wp:paragraph -->\n\n<!-- wp:paragraph -->\n<p>Taru Turunen<\/p>\n<!-- \/wp:paragraph -->\n\n<!-- wp:paragraph -->\n<p>Juha Viertola, pj<\/p>\n<!-- \/wp:paragraph -->\n\n<!-- wp:paragraph -->\n<p>Katriina Vierula, varapj<\/p>\n<!-- \/wp:paragraph --><\/div><\/li>\n<\/ul>","protected":false},"excerpt":{"rendered":"","protected":false},"author":1,"featured_media":0,"parent":0,"menu_order":0,"comment_status":"closed","ping_status":"closed","template":"","meta":{"_regular_price":[],"currency_symbol":[],"footnotes":""},"post_slider_layout_featured_media_urls":{"thumbnail":"","post_slider_layout_landscape_large":"","post_slider_layout_portrait_large":"","post_slider_layout_square_large":"","post_slider_layout_landscape":"","post_slider_layout_portrait":"","post_slider_layout_square":"","full":""},"_links":{"self":[{"href":"https:\/\/ykla.fi\/index.php?rest_route=\/wp\/v2\/pages\/162"}],"collection":[{"href":"https:\/\/ykla.fi\/index.php?rest_route=\/wp\/v2\/pages"}],"about":[{"href":"https:\/\/ykla.fi\/index.php?rest_route=\/wp\/v2\/types\/page"}],"author":[{"embeddable":true,"href":"https:\/\/ykla.fi\/index.php?rest_route=\/wp\/v2\/users\/1"}],"replies":[{"embeddable":true,"href":"https:\/\/ykla.fi\/index.php?rest_route=%2Fwp%2Fv2%2Fcomments&post=162"}],"version-history":[{"count":8,"href":"https:\/\/ykla.fi\/index.php?rest_route=\/wp\/v2\/pages\/162\/revisions"}],"predecessor-version":[{"id":334,"href":"https:\/\/ykla.fi\/index.php?rest_route=\/wp\/v2\/pages\/162\/revisions\/334"}],"wp:attachment":[{"href":"https:\/\/ykla.fi\/index.php?rest_route=%2Fwp%2Fv2%2Fmedia&parent=162"}],"curies":[{"name":"wp","href":"https:\/\/api.w.org\/{rel}","templated":true}]}}